{"id":1433,"date":"2024-06-04T16:34:36","date_gmt":"2024-06-04T16:34:36","guid":{"rendered":"https:\/\/www.designmallorca.es\/riva\/"},"modified":"2024-08-20T18:42:44","modified_gmt":"2024-08-20T18:42:44","slug":"riva","status":"publish","type":"page","link":"https:\/\/www.designmallorca.es\/es\/riva\/","title":{"rendered":"RIVA"},"content":{"rendered":"[vc_row type=\u00bbin_container\u00bb full_screen_row_position=\u00bbmiddle\u00bb column_margin=\u00bbdefault\u00bb column_direction=\u00bbdefault\u00bb column_direction_tablet=\u00bbdefault\u00bb column_direction_phone=\u00bbdefault\u00bb scene_position=\u00bbcenter\u00bb text_color=\u00bbdark\u00bb text_align=\u00bbleft\u00bb row_border_radius=\u00bbnone\u00bb row_border_radius_applies=\u00bbbg\u00bb overflow=\u00bbvisible\u00bb overlay_strength=\u00bb0.3&#8243; gradient_direction=\u00bbleft_to_right\u00bb shape_divider_position=\u00bbbottom\u00bb bg_image_animation=\u00bbnone\u00bb][vc_column column_padding=\u00bbno-extra-padding\u00bb column_padding_tablet=\u00bbinherit\u00bb column_padding_phone=\u00bbinherit\u00bb column_padding_position=\u00bball\u00bb column_element_direction_desktop=\u00bbdefault\u00bb column_element_spacing=\u00bbdefault\u00bb desktop_text_alignment=\u00bbdefault\u00bb tablet_text_alignment=\u00bbdefault\u00bb phone_text_alignment=\u00bbdefault\u00bb background_color_opacity=\u00bb1&#8243; background_hover_color_opacity=\u00bb1&#8243; column_backdrop_filter=\u00bbnone\u00bb column_shadow=\u00bbnone\u00bb column_border_radius=\u00bbnone\u00bb column_link_target=\u00bb_self\u00bb column_position=\u00bbdefault\u00bb gradient_direction=\u00bbleft_to_right\u00bb overlay_strength=\u00bb0.3&#8243; width=\u00bb1\/1&#8243; tablet_width_inherit=\u00bbdefault\u00bb animation_type=\u00bbdefault\u00bb bg_image_animation=\u00bbnone\u00bb border_type=\u00bbsimple\u00bb column_border_width=\u00bbnone\u00bb column_border_style=\u00bbsolid\u00bb]<div  data-transition=\"fade\" data-overall_style=\"classic\" data-flexible-height=\"\" data-animate-in-effect=\"none\" data-fullscreen=\"true\" data-button-sizing=\"regular\" data-button-styling=\"btn_with_count\" data-autorotate=\"5000\" data-parallax=\"false\" data-parallax-disable-mobile=\"\" data-caption-trans=\"fade_in_from_bottom\" data-parallax-style=\"bg_only\" data-bg-animation=\"none\" data-full-width=\"true\" class=\"nectar-slider-wrap \" id=\"nectar-slider-instance-1\"><div class=\"swiper-container\"  data-tho=\"auto\" data-tco=\"auto\" data-pho=\"auto\" data-pco=\"auto\" data-loop=\"true\" data-height=\"650\" data-min-height=\"\" data-arrows=\"false\" data-bullets=\"true\" data-bullet_style=\"see_through\" data-bullet_position=\"right\" data-desktop-swipe=\"true\" data-settings=\"\"> <div class=\"swiper-wrapper\"><div class=\"swiper-slide\" data-desktop-content-width=\"auto\" data-tablet-content-width=\"auto\" data-bg-alignment=\"center\" data-color-scheme=\"light\" data-x-pos=\"centered\" data-y-pos=\"middle\" ><div class=\"container\">\n\t\t\t\t\t\t<div class=\"content\"><h1 class=\"ns-heading-el\">TU ESPECIALISTA EN JARDINER\u00cdA EN MALLORCA<\/h1><div class=\"buttons\"><div class=\"button transparent\">\n\t\t\t\t\t\t\t\t\t\t <a class=\"primary-color\" href=\"https:\/\/www.designmallorca.es\/es\/contacto\/\">CONTACTO<\/a>\n\t\t\t\t\t\t\t\t\t\t<\/div><\/div><\/div>\n\t\t\t\t\t\t\t\t<\/div><!--\/container--><div class=\"video-texture \"> <span class=\"ie-fix\"><\/span> <\/div>\n\t\t\t\t\t\t\t\t<div class=\"mobile-video-image\" style=\"background-image: url(https:\/\/www.designmallorca.es\/wp-content\/uploads\/2024\/06\/hero_1-2.jpg)\"> <span class=\"ie-fix\"><\/span>  <\/div>\n\t\t\t\t\t\t\t\t<div class=\"slide-bg-wrap\">\n\t\t\t\t\t\t\t\t<div class=\"video-wrap\">\n\t\t\t\t\t\t\t\t\n\t\t\t\t\t\t\t\t\n\t\t\t\t\t\t\t\t<video class=\"slider-video\" width=\"1800\" height=\"700\" preload=\"auto\" loop autoplay muted playsinline><source type=\"video\/mp4\" src=\"https:\/\/www.designmallorca.es\/wp-content\/uploads\/2024\/07\/01-JampP-WEB-BACKGROUND-VIDEO-2000x1080-1.mp4\"><\/video><\/div> <div class=\"slide-bg-overlay\" style=\"background-color: #0a0a0a;\"> &nbsp; <\/div><\/div><\/div> <!--\/swiper-slide--><\/div><div class=\"nectar-slider-loading \"> <span class=\"loading-icon none\">   <\/span> <\/div> <\/div> \n\t\t\t\t\t\n\t\t\t\t\t<\/div>[\/vc_column][\/vc_row][vc_row type=\u00bbfull_width_background\u00bb full_screen_row_position=\u00bbmiddle\u00bb column_margin=\u00bbdefault\u00bb column_direction=\u00bbdefault\u00bb column_direction_tablet=\u00bbdefault\u00bb column_direction_phone=\u00bbdefault\u00bb scene_position=\u00bbcenter\u00bb top_padding=\u00bb4%\u00bb constrain_group_1=\u00bbyes\u00bb bottom_padding=\u00bb4%\u00bb text_color=\u00bbdark\u00bb text_align=\u00bbcenter\u00bb row_border_radius=\u00bbnone\u00bb row_border_radius_applies=\u00bbbg\u00bb overflow=\u00bbvisible\u00bb overlay_strength=\u00bb0.3&#8243; gradient_direction=\u00bbleft_to_right\u00bb shape_divider_position=\u00bbbottom\u00bb bg_image_animation=\u00bbnone\u00bb shape_type=\u00bb\u00bb gradient_type=\u00bbdefault\u00bb][vc_column column_padding=\u00bbno-extra-padding\u00bb column_padding_tablet=\u00bbinherit\u00bb column_padding_phone=\u00bbinherit\u00bb column_padding_position=\u00bball\u00bb column_element_direction_desktop=\u00bbdefault\u00bb column_element_spacing=\u00bbdefault\u00bb desktop_text_alignment=\u00bbdefault\u00bb tablet_text_alignment=\u00bbdefault\u00bb phone_text_alignment=\u00bbdefault\u00bb background_color_opacity=\u00bb1&#8243; background_hover_color_opacity=\u00bb1&#8243; column_backdrop_filter=\u00bbnone\u00bb column_shadow=\u00bbnone\u00bb column_border_radius=\u00bbnone\u00bb column_link_target=\u00bb_self\u00bb column_position=\u00bbdefault\u00bb gradient_direction=\u00bbleft_to_right\u00bb overlay_strength=\u00bb0.3&#8243; width=\u00bb1\/4&#8243; tablet_width_inherit=\u00bbdefault\u00bb animation_type=\u00bbdefault\u00bb bg_image_animation=\u00bbnone\u00bb border_type=\u00bbsimple\u00bb column_border_width=\u00bbnone\u00bb column_border_style=\u00bbsolid\u00bb][\/vc_column][vc_column column_padding=\u00bbno-extra-padding\u00bb column_padding_tablet=\u00bbinherit\u00bb column_padding_phone=\u00bbinherit\u00bb column_padding_position=\u00bball\u00bb column_element_direction_desktop=\u00bbdefault\u00bb column_element_spacing=\u00bbdefault\u00bb desktop_text_alignment=\u00bbdefault\u00bb tablet_text_alignment=\u00bbdefault\u00bb phone_text_alignment=\u00bbdefault\u00bb background_color_opacity=\u00bb1&#8243; background_hover_color_opacity=\u00bb1&#8243; column_backdrop_filter=\u00bbnone\u00bb column_shadow=\u00bbnone\u00bb column_border_radius=\u00bbnone\u00bb column_link_target=\u00bb_self\u00bb column_position=\u00bbdefault\u00bb gradient_direction=\u00bbleft_to_right\u00bb overlay_strength=\u00bb0.3&#8243; width=\u00bb1\/2&#8243; tablet_width_inherit=\u00bbdefault\u00bb animation_type=\u00bbdefault\u00bb bg_image_animation=\u00bbnone\u00bb border_type=\u00bbsimple\u00bb column_border_width=\u00bbnone\u00bb column_border_style=\u00bbsolid\u00bb][nectar_highlighted_text color_type=\u00bbregular\u00bb highlight_color=\u00bb#00202b\u00bb text_color=\u00bb#000000&#8243; style=\u00bbfull_text\u00bb highlight_expansion=\u00bbdefault\u00bb custom_font_size=\u00bb2vw\u00bb font_size_phone=\u00bb35px\u00bb font_line_height=\u00bb1&#8243;]\n<h1>Gesti\u00f3n de proyectos Mallorca<\/h1>\n[\/nectar_highlighted_text][divider line_type=\u00bbSmall Line\u00bb line_alignment=\u00bbcenter\u00bb line_thickness=\u00bb1&#8243; divider_color=\u00bbextra-color-1&#8243;][vc_column_text css_animation=\u00bbnone\u00bb]Riva Balear, situada en Mallorca, se fund\u00f3 con el prop\u00f3sito de transformar proyectos de construcci\u00f3n exclusivos en las Islas Baleares en realidades tangibles. Desde el principio, nuestro compromiso con la precisi\u00f3n suiza ha marcado la pauta, con el objetivo final de ofrecer la m\u00e1xima calidad. Sin embargo, nuestra b\u00fasqueda de la excelencia se extiende a lo largo de todo el proceso, desde la visi\u00f3n inicial hasta la finalizaci\u00f3n de la propiedad.<\/p>\n<p>El resultado es una propiedad inmobiliaria incomparable que no solo cautiva por su meticulosa atenci\u00f3n al detalle, sino que tambi\u00e9n se realiza dentro del plazo y el presupuesto especificados. El verdadero lujo no se define \u00fanicamente por su precio, sino m\u00e1s bien por la consecuci\u00f3n de la perfecci\u00f3n en todos los aspectos.[\/vc_column_text][nectar_btn size=\u00bbmedium\u00bb button_style=\u00bbsee-through-2&#8243; hover_text_color_override=\u00bb#ffffff\u00bb icon_family=\u00bbnone\u00bb text=\u00bbCONT\u00c1CTENOS\u00bb url=\u00bbhttps:\/\/www.designmallorca.es\/contact\/\u00bb margin_top=\u00bb20&#8243;][\/vc_column][vc_column column_padding=\u00bbno-extra-padding\u00bb column_padding_tablet=\u00bbinherit\u00bb column_padding_phone=\u00bbinherit\u00bb column_padding_position=\u00bball\u00bb column_element_direction_desktop=\u00bbdefault\u00bb column_element_spacing=\u00bbdefault\u00bb desktop_text_alignment=\u00bbdefault\u00bb tablet_text_alignment=\u00bbdefault\u00bb phone_text_alignment=\u00bbdefault\u00bb background_color_opacity=\u00bb1&#8243; background_hover_color_opacity=\u00bb1&#8243; column_backdrop_filter=\u00bbnone\u00bb column_shadow=\u00bbnone\u00bb column_border_radius=\u00bbnone\u00bb column_link_target=\u00bb_self\u00bb column_position=\u00bbdefault\u00bb gradient_direction=\u00bbleft_to_right\u00bb overlay_strength=\u00bb0.3&#8243; width=\u00bb1\/4&#8243; tablet_width_inherit=\u00bbdefault\u00bb animation_type=\u00bbdefault\u00bb bg_image_animation=\u00bbnone\u00bb border_type=\u00bbsimple\u00bb column_border_width=\u00bbnone\u00bb column_border_style=\u00bbsolid\u00bb column_padding_type=\u00bbdefault\u00bb gradient_type=\u00bbdefault\u00bb][\/vc_column][\/vc_row][vc_row type=\u00bbfull_width_background\u00bb full_screen_row_position=\u00bbmiddle\u00bb column_margin=\u00bbdefault\u00bb column_direction=\u00bbdefault\u00bb column_direction_tablet=\u00bbdefault\u00bb column_direction_phone=\u00bbdefault\u00bb bg_color=\u00bbrgba(153,188,197,0.1)\u00bb scene_position=\u00bbcenter\u00bb top_padding=\u00bb3%\u00bb bottom_padding=\u00bb3%\u00bb text_color=\u00bbdark\u00bb text_align=\u00bbcenter\u00bb row_border_radius=\u00bbnone\u00bb row_border_radius_applies=\u00bbbg\u00bb overflow=\u00bbvisible\u00bb overlay_strength=\u00bb0.3&#8243; gradient_direction=\u00bbleft_to_right\u00bb shape_divider_position=\u00bbbottom\u00bb bg_image_animation=\u00bbnone\u00bb shape_type=\u00bb\u00bb gradient_type=\u00bbdefault\u00bb][vc_column column_padding=\u00bbno-extra-padding\u00bb column_padding_tablet=\u00bbinherit\u00bb column_padding_phone=\u00bbinherit\u00bb column_padding_position=\u00bball\u00bb column_element_direction_desktop=\u00bbdefault\u00bb column_element_spacing=\u00bbdefault\u00bb desktop_text_alignment=\u00bbdefault\u00bb tablet_text_alignment=\u00bbdefault\u00bb phone_text_alignment=\u00bbdefault\u00bb background_color_opacity=\u00bb1&#8243; background_hover_color_opacity=\u00bb1&#8243; column_backdrop_filter=\u00bbnone\u00bb column_shadow=\u00bbnone\u00bb column_border_radius=\u00bbnone\u00bb column_link_target=\u00bb_self\u00bb column_position=\u00bbdefault\u00bb gradient_direction=\u00bbleft_to_right\u00bb overlay_strength=\u00bb0.3&#8243; width=\u00bb1\/4&#8243; tablet_width_inherit=\u00bbdefault\u00bb animation_type=\u00bbdefault\u00bb bg_image_animation=\u00bbnone\u00bb border_type=\u00bbsimple\u00bb column_border_width=\u00bbnone\u00bb column_border_style=\u00bbsolid\u00bb][\/vc_column][vc_column column_padding=\u00bbno-extra-padding\u00bb column_padding_tablet=\u00bbinherit\u00bb column_padding_phone=\u00bbinherit\u00bb column_padding_position=\u00bball\u00bb column_element_direction_desktop=\u00bbdefault\u00bb column_element_spacing=\u00bbdefault\u00bb desktop_text_alignment=\u00bbdefault\u00bb tablet_text_alignment=\u00bbdefault\u00bb phone_text_alignment=\u00bbdefault\u00bb background_color_opacity=\u00bb1&#8243; background_hover_color_opacity=\u00bb1&#8243; column_backdrop_filter=\u00bbnone\u00bb column_shadow=\u00bbnone\u00bb column_border_radius=\u00bbnone\u00bb column_link_target=\u00bb_self\u00bb column_position=\u00bbdefault\u00bb gradient_direction=\u00bbleft_to_right\u00bb overlay_strength=\u00bb0.3&#8243; width=\u00bb1\/2&#8243; tablet_width_inherit=\u00bbdefault\u00bb animation_type=\u00bbdefault\u00bb bg_image_animation=\u00bbnone\u00bb border_type=\u00bbsimple\u00bb column_border_width=\u00bbnone\u00bb column_border_style=\u00bbsolid\u00bb][nectar_highlighted_text color_type=\u00bbregular\u00bb highlight_color=\u00bb#00202b\u00bb text_color=\u00bb#000000&#8243; style=\u00bbfull_text\u00bb highlight_expansion=\u00bbdefault\u00bb custom_font_size=\u00bb2vw\u00bb font_size_phone=\u00bb35px\u00bb font_line_height=\u00bb1&#8243;]Descubra algunos de nuestros proyectos[\/nectar_highlighted_text][divider line_type=\u00bbSmall Line\u00bb line_alignment=\u00bbcenter\u00bb line_thickness=\u00bb1&#8243; divider_color=\u00bbextra-color-1&#8243;][\/vc_column][vc_column column_padding=\u00bbno-extra-padding\u00bb column_padding_tablet=\u00bbinherit\u00bb column_padding_phone=\u00bbinherit\u00bb column_padding_position=\u00bball\u00bb column_element_direction_desktop=\u00bbdefault\u00bb column_element_spacing=\u00bbdefault\u00bb desktop_text_alignment=\u00bbdefault\u00bb tablet_text_alignment=\u00bbdefault\u00bb phone_text_alignment=\u00bbdefault\u00bb background_color_opacity=\u00bb1&#8243; background_hover_color_opacity=\u00bb1&#8243; column_backdrop_filter=\u00bbnone\u00bb column_shadow=\u00bbnone\u00bb column_border_radius=\u00bbnone\u00bb column_link_target=\u00bb_self\u00bb column_position=\u00bbdefault\u00bb gradient_direction=\u00bbleft_to_right\u00bb overlay_strength=\u00bb0.3&#8243; width=\u00bb1\/4&#8243; tablet_width_inherit=\u00bbdefault\u00bb animation_type=\u00bbdefault\u00bb bg_image_animation=\u00bbnone\u00bb border_type=\u00bbsimple\u00bb column_border_width=\u00bbnone\u00bb column_border_style=\u00bbsolid\u00bb column_padding_type=\u00bbdefault\u00bb gradient_type=\u00bbdefault\u00bb][\/vc_column][\/vc_row][vc_row type=\u00bbfull_width_background\u00bb full_screen_row_position=\u00bbmiddle\u00bb column_margin=\u00bbdefault\u00bb column_direction=\u00bbdefault\u00bb column_direction_tablet=\u00bbdefault\u00bb column_direction_phone=\u00bbdefault\u00bb bg_color=\u00bbrgba(153,188,197,0.1)\u00bb scene_position=\u00bbcenter\u00bb bottom_padding=\u00bb3%\u00bb constrain_group_2=\u00bbyes\u00bb text_color=\u00bbdark\u00bb text_align=\u00bbcenter\u00bb row_border_radius=\u00bbnone\u00bb row_border_radius_applies=\u00bbbg\u00bb overflow=\u00bbvisible\u00bb advanced_gradient_angle=\u00bb0&#8243; overlay_strength=\u00bb0.3&#8243; gradient_direction=\u00bbleft_to_right\u00bb shape_divider_position=\u00bbbottom\u00bb bg_image_animation=\u00bbnone\u00bb shape_type=\u00bb\u00bb gradient_type=\u00bbdefault\u00bb][vc_column column_padding=\u00bbno-extra-padding\u00bb column_padding_tablet=\u00bbinherit\u00bb column_padding_phone=\u00bbinherit\u00bb column_padding_position=\u00bball\u00bb column_element_direction_desktop=\u00bbdefault\u00bb column_element_spacing=\u00bbdefault\u00bb desktop_text_alignment=\u00bbdefault\u00bb tablet_text_alignment=\u00bbdefault\u00bb phone_text_alignment=\u00bbdefault\u00bb background_color_opacity=\u00bb1&#8243; background_hover_color_opacity=\u00bb1&#8243; column_backdrop_filter=\u00bbnone\u00bb column_shadow=\u00bbnone\u00bb column_border_radius=\u00bbnone\u00bb column_link_target=\u00bb_self\u00bb column_position=\u00bbdefault\u00bb advanced_gradient_angle=\u00bb0&#8243; gradient_direction=\u00bbleft_to_right\u00bb overlay_strength=\u00bb0.3&#8243; width=\u00bb1\/1&#8243; tablet_width_inherit=\u00bbdefault\u00bb animation_type=\u00bbdefault\u00bb bg_image_animation=\u00bbnone\u00bb border_type=\u00bbsimple\u00bb column_border_width=\u00bbnone\u00bb column_border_style=\u00bbsolid\u00bb gradient_type=\u00bbdefault\u00bb]\t\t\t\t\n\t\t\t\t\n\t\t\t\t\n\t\t\t\t<div class=\"portfolio-wrap \">\n\t\t\t\t\t\n\t\t\t\t\t\t\t\t\t\t\n\t\t\t\t\t<span class=\"portfolio-loading  none\">   <\/span>\n\t\t\t\t\t\n\t\t\t\t\t\t\t\t\t\t\n\t\t\t\t\t<div class=\"row portfolio-items no-masonry  \" data-rcp=\"false\" data-masonry-type=\"default\" data-ps=\"2\" data-starting-filter=\"\" data-gutter=\"5px\" data-categories-to-show=\"\" data-bypass-cropping=\"\" data-lightbox-only=\"0\" data-col-num=\"cols-3\">\n\t\t\t\t\t\t\t\t\t\t\t\t\n\t\t\t\t\t\t\t\t\t\t\t\t\n\t\t\t\t\t\t<div class=\"col span_4  element \"  data-project-cat=\"\" data-default-color=\"true\" data-title-color=\"\" data-subtitle-color=\"\">\n\t\t\t\t\t\t\t\n\t\t\t\t\t\t\t<div class=\"inner-wrap animated\" data-animation=\"fade_in\">\n\t\t\t\t\t\t\t\t\n\t\t\t\t\t\t\t\t\t\t\t\t\t\t\t\t\t\n\t\t\t\t\t\t\t\t\t<div class=\"work-item style-2\" data-custom-content=\"off\">\n\t\t\t\t\t\t\t\t\t\t\n\t\t\t\t\t\t\t\t\t\t<img loading=\"lazy\" decoding=\"async\" class=\"size- skip-lazy\" src=\"https:\/\/www.designmallorca.es\/wp-content\/uploads\/2024\/07\/Garten_vier-35-600x403.jpg\" alt=\"\" height=\"403\" width=\"600\" srcset=\"https:\/\/www.designmallorca.es\/wp-content\/uploads\/2024\/07\/Garten_vier-35-900x604.jpg 900w, https:\/\/www.designmallorca.es\/wp-content\/uploads\/2024\/07\/Garten_vier-35-600x403.jpg 600w, https:\/\/www.designmallorca.es\/wp-content\/uploads\/2024\/07\/Garten_vier-35-400x269.jpg 400w\" sizes=\"auto, (min-width: 1000px) 33.3vw, (min-width: 690px) 50vw, 100vw\" \/>\t\t\t\t\t\t\t\t\t\t\n\t\t\t\t\t\t\t\t\t\t<div class=\"work-info-bg\"><\/div>\n\t\t\t\t\t\t\t\t\t\t<div class=\"work-info\">\n\t\t\t\t\t\t\t\t\t\t\t\n\t\t\t\t\t\t\t\t\t\t\t\t\t\t\t\t\t\t\t\t\t\t\t\n\t\t\t\t\t\t\t\t\t\t\t\t\n\t\t\t\t\t\t\t\t\t\t\t\t\t\t\t\t\t\t\t\t\t\t\t\t\t\n\t\t\t\t\t\t\t\t\t\t\t\t\t<a href=\"https:\/\/www.designmallorca.es\/es\/project\/el-jardin-secreto\/\"><\/a>\n\t\t\t\t\t\t\t\t\t\t\t\t\t\n\t\t\t\t\t\t\t\t\t\t\t\t\t\t\t\t\t\t\t\t\t\t\t\n\t\t\t\t\t\t\t\t\t\t\t\n\t\t\t\t\t\t\t\t\t\t\t<div class=\"vert-center\">\n\t\t\t\t\t\t\t\t\t\t\t\t\t\n\t\t\t\t\t\t\t\t\t\t\t\t\t<h3>EL JARD\u00cdN SECRETO<\/h3> \n\t\t\t\t\t\t\t\t\t\t\t\t\t\t\t\t\t\t\t\t\t\t\t\t<\/div><!--\/vert-center-->\n\t\t\t\t\t\t\t\t\t\t\t\n\t\t\t\t\t\t\t\t\t\t<\/div>\n\t\t\t\t\t\t\t\t\t<\/div><!--work-item-->\n\t\t\t\t\t\t\t\t\t\n\t\t\t\t\t\t\t\t\t\t\t\t\t\t\t\t\n\t\t\t\t\t\t\t\t\n\t\t\t\t\t\t\t<\/div><!--\/inner-wrap-->\n\t\t\t\t\t\t<\/div><!--\/col-->\n\t\t\t\t\t\t\n\t\t\t\t\t\t\t\t\t\t\t\n\t\t\t\t\t\t\t\t\t\t\t\t\n\t\t\t\t\t\t<div class=\"col span_4  element \"  data-project-cat=\"\" data-default-color=\"true\" data-title-color=\"\" data-subtitle-color=\"\">\n\t\t\t\t\t\t\t\n\t\t\t\t\t\t\t<div class=\"inner-wrap animated\" data-animation=\"fade_in\">\n\t\t\t\t\t\t\t\t\n\t\t\t\t\t\t\t\t\t\t\t\t\t\t\t\t\t\n\t\t\t\t\t\t\t\t\t<div class=\"work-item style-2\" data-custom-content=\"off\">\n\t\t\t\t\t\t\t\t\t\t\n\t\t\t\t\t\t\t\t\t\t<img loading=\"lazy\" decoding=\"async\" class=\"size- skip-lazy\" src=\"https:\/\/www.designmallorca.es\/wp-content\/uploads\/2023\/11\/24-06-JP-DESIGNS-WEB-CASA-03-12-600x403.jpg\" alt=\"\" height=\"403\" width=\"600\" srcset=\"https:\/\/www.designmallorca.es\/wp-content\/uploads\/2023\/11\/24-06-JP-DESIGNS-WEB-CASA-03-12-900x604.jpg 900w, https:\/\/www.designmallorca.es\/wp-content\/uploads\/2023\/11\/24-06-JP-DESIGNS-WEB-CASA-03-12-600x403.jpg 600w, https:\/\/www.designmallorca.es\/wp-content\/uploads\/2023\/11\/24-06-JP-DESIGNS-WEB-CASA-03-12-400x269.jpg 400w\" sizes=\"auto, (min-width: 1000px) 33.3vw, (min-width: 690px) 50vw, 100vw\" \/>\t\t\t\t\t\t\t\t\t\t\n\t\t\t\t\t\t\t\t\t\t<div class=\"work-info-bg\"><\/div>\n\t\t\t\t\t\t\t\t\t\t<div class=\"work-info\">\n\t\t\t\t\t\t\t\t\t\t\t\n\t\t\t\t\t\t\t\t\t\t\t\t\t\t\t\t\t\t\t\t\t\t\t\n\t\t\t\t\t\t\t\t\t\t\t\t\n\t\t\t\t\t\t\t\t\t\t\t\t\t\t\t\t\t\t\t\t\t\t\t\t\t\n\t\t\t\t\t\t\t\t\t\t\t\t\t<a href=\"https:\/\/www.designmallorca.es\/es\/project\/finca-cala-llombards-2\/\"><\/a>\n\t\t\t\t\t\t\t\t\t\t\t\t\t\n\t\t\t\t\t\t\t\t\t\t\t\t\t\t\t\t\t\t\t\t\t\t\t\n\t\t\t\t\t\t\t\t\t\t\t\n\t\t\t\t\t\t\t\t\t\t\t<div class=\"vert-center\">\n\t\t\t\t\t\t\t\t\t\t\t\t\t\n\t\t\t\t\t\t\t\t\t\t\t\t\t<h3>FINCA CALA LLOMBARDS<\/h3> \n\t\t\t\t\t\t\t\t\t\t\t\t\t\t\t\t\t\t\t\t\t\t\t\t<\/div><!--\/vert-center-->\n\t\t\t\t\t\t\t\t\t\t\t\n\t\t\t\t\t\t\t\t\t\t<\/div>\n\t\t\t\t\t\t\t\t\t<\/div><!--work-item-->\n\t\t\t\t\t\t\t\t\t\n\t\t\t\t\t\t\t\t\t\t\t\t\t\t\t\t\n\t\t\t\t\t\t\t\t\n\t\t\t\t\t\t\t<\/div><!--\/inner-wrap-->\n\t\t\t\t\t\t<\/div><!--\/col-->\n\t\t\t\t\t\t\n\t\t\t\t\t\t\t\t\t\t\t\n\t\t\t\t\t\t\t\t\t\t\t\t\n\t\t\t\t\t\t<div class=\"col span_4  element \"  data-project-cat=\"\" data-default-color=\"true\" data-title-color=\"\" data-subtitle-color=\"\">\n\t\t\t\t\t\t\t\n\t\t\t\t\t\t\t<div class=\"inner-wrap animated\" data-animation=\"fade_in\">\n\t\t\t\t\t\t\t\t\n\t\t\t\t\t\t\t\t\t\t\t\t\t\t\t\t\t\n\t\t\t\t\t\t\t\t\t<div class=\"work-item style-2\" data-custom-content=\"off\">\n\t\t\t\t\t\t\t\t\t\t\n\t\t\t\t\t\t\t\t\t\t<img loading=\"lazy\" decoding=\"async\" class=\"size- skip-lazy\" src=\"https:\/\/www.designmallorca.es\/wp-content\/uploads\/2023\/11\/24-06-JP-DESIGNS-WEB-CASA-01-4-600x403.jpg\" alt=\"\" height=\"403\" width=\"600\" srcset=\"https:\/\/www.designmallorca.es\/wp-content\/uploads\/2023\/11\/24-06-JP-DESIGNS-WEB-CASA-01-4-900x604.jpg 900w, https:\/\/www.designmallorca.es\/wp-content\/uploads\/2023\/11\/24-06-JP-DESIGNS-WEB-CASA-01-4-600x403.jpg 600w, https:\/\/www.designmallorca.es\/wp-content\/uploads\/2023\/11\/24-06-JP-DESIGNS-WEB-CASA-01-4-400x269.jpg 400w\" sizes=\"auto, (min-width: 1000px) 33.3vw, (min-width: 690px) 50vw, 100vw\" \/>\t\t\t\t\t\t\t\t\t\t\n\t\t\t\t\t\t\t\t\t\t<div class=\"work-info-bg\"><\/div>\n\t\t\t\t\t\t\t\t\t\t<div class=\"work-info\">\n\t\t\t\t\t\t\t\t\t\t\t\n\t\t\t\t\t\t\t\t\t\t\t\t\t\t\t\t\t\t\t\t\t\t\t\n\t\t\t\t\t\t\t\t\t\t\t\t\n\t\t\t\t\t\t\t\t\t\t\t\t\t\t\t\t\t\t\t\t\t\t\t\t\t\n\t\t\t\t\t\t\t\t\t\t\t\t\t<a href=\"https:\/\/www.designmallorca.es\/es\/project\/finca-rincon-del-sol\/\"><\/a>\n\t\t\t\t\t\t\t\t\t\t\t\t\t\n\t\t\t\t\t\t\t\t\t\t\t\t\t\t\t\t\t\t\t\t\t\t\t\n\t\t\t\t\t\t\t\t\t\t\t\n\t\t\t\t\t\t\t\t\t\t\t<div class=\"vert-center\">\n\t\t\t\t\t\t\t\t\t\t\t\t\t\n\t\t\t\t\t\t\t\t\t\t\t\t\t<h3>FINCA EL RINC\u00d3N DEL SOL<\/h3> \n\t\t\t\t\t\t\t\t\t\t\t\t\t\t\t\t\t\t\t\t\t\t\t\t<\/div><!--\/vert-center-->\n\t\t\t\t\t\t\t\t\t\t\t\n\t\t\t\t\t\t\t\t\t\t<\/div>\n\t\t\t\t\t\t\t\t\t<\/div><!--work-item-->\n\t\t\t\t\t\t\t\t\t\n\t\t\t\t\t\t\t\t\t\t\t\t\t\t\t\t\n\t\t\t\t\t\t\t\t\n\t\t\t\t\t\t\t<\/div><!--\/inner-wrap-->\n\t\t\t\t\t\t<\/div><!--\/col-->\n\t\t\t\t\t\t\n\t\t\t\t\t\t\t\t\t\t\t\n\t\t\t\t\t\t\t\t\t\t\t\t\n\t\t\t\t\t\t<div class=\"col span_4  element \"  data-project-cat=\"\" data-default-color=\"true\" data-title-color=\"\" data-subtitle-color=\"\">\n\t\t\t\t\t\t\t\n\t\t\t\t\t\t\t<div class=\"inner-wrap animated\" data-animation=\"fade_in\">\n\t\t\t\t\t\t\t\t\n\t\t\t\t\t\t\t\t\t\t\t\t\t\t\t\t\t\n\t\t\t\t\t\t\t\t\t<div class=\"work-item style-2\" data-custom-content=\"off\">\n\t\t\t\t\t\t\t\t\t\t\n\t\t\t\t\t\t\t\t\t\t<img loading=\"lazy\" decoding=\"async\" class=\"size- skip-lazy\" src=\"https:\/\/www.designmallorca.es\/wp-content\/uploads\/2023\/11\/24-06-JP-DESIGNS-WEB-CASA-02-22-600x403.jpg\" alt=\"\" height=\"403\" width=\"600\" srcset=\"https:\/\/www.designmallorca.es\/wp-content\/uploads\/2023\/11\/24-06-JP-DESIGNS-WEB-CASA-02-22-900x604.jpg 900w, https:\/\/www.designmallorca.es\/wp-content\/uploads\/2023\/11\/24-06-JP-DESIGNS-WEB-CASA-02-22-600x403.jpg 600w, https:\/\/www.designmallorca.es\/wp-content\/uploads\/2023\/11\/24-06-JP-DESIGNS-WEB-CASA-02-22-400x269.jpg 400w\" sizes=\"auto, (min-width: 1000px) 33.3vw, (min-width: 690px) 50vw, 100vw\" \/>\t\t\t\t\t\t\t\t\t\t\n\t\t\t\t\t\t\t\t\t\t<div class=\"work-info-bg\"><\/div>\n\t\t\t\t\t\t\t\t\t\t<div class=\"work-info\">\n\t\t\t\t\t\t\t\t\t\t\t\n\t\t\t\t\t\t\t\t\t\t\t\t\t\t\t\t\t\t\t\t\t\t\t\n\t\t\t\t\t\t\t\t\t\t\t\t\n\t\t\t\t\t\t\t\t\t\t\t\t\t\t\t\t\t\t\t\t\t\t\t\t\t\n\t\t\t\t\t\t\t\t\t\t\t\t\t<a href=\"https:\/\/www.designmallorca.es\/es\/project\/casa-pueblo-santanyi\/\"><\/a>\n\t\t\t\t\t\t\t\t\t\t\t\t\t\n\t\t\t\t\t\t\t\t\t\t\t\t\t\t\t\t\t\t\t\t\t\t\t\n\t\t\t\t\t\t\t\t\t\t\t\n\t\t\t\t\t\t\t\t\t\t\t<div class=\"vert-center\">\n\t\t\t\t\t\t\t\t\t\t\t\t\t\n\t\t\t\t\t\t\t\t\t\t\t\t\t<h3>CASA PUEBLO SANTANYI<\/h3> \n\t\t\t\t\t\t\t\t\t\t\t\t\t\t\t\t\t\t\t\t\t\t\t\t<\/div><!--\/vert-center-->\n\t\t\t\t\t\t\t\t\t\t\t\n\t\t\t\t\t\t\t\t\t\t<\/div>\n\t\t\t\t\t\t\t\t\t<\/div><!--work-item-->\n\t\t\t\t\t\t\t\t\t\n\t\t\t\t\t\t\t\t\t\t\t\t\t\t\t\t\n\t\t\t\t\t\t\t\t\n\t\t\t\t\t\t\t<\/div><!--\/inner-wrap-->\n\t\t\t\t\t\t<\/div><!--\/col-->\n\t\t\t\t\t\t\n\t\t\t\t\t\t\t\t\t\t\t\n\t\t\t\t\t\t\t\t\t\t\t\t\n\t\t\t\t\t\t<div class=\"col span_4  element \"  data-project-cat=\"\" data-default-color=\"true\" data-title-color=\"\" data-subtitle-color=\"\">\n\t\t\t\t\t\t\t\n\t\t\t\t\t\t\t<div class=\"inner-wrap animated\" data-animation=\"fade_in\">\n\t\t\t\t\t\t\t\t\n\t\t\t\t\t\t\t\t\t\t\t\t\t\t\t\t\t\n\t\t\t\t\t\t\t\t\t<div class=\"work-item style-2\" data-custom-content=\"off\">\n\t\t\t\t\t\t\t\t\t\t\n\t\t\t\t\t\t\t\t\t\t<img loading=\"lazy\" decoding=\"async\" class=\"size- skip-lazy\" src=\"https:\/\/www.designmallorca.es\/wp-content\/uploads\/2023\/11\/24-06-JP-DESIGNS-WEB-CASA-04-13-600x403.jpg\" alt=\"\" height=\"403\" width=\"600\" srcset=\"https:\/\/www.designmallorca.es\/wp-content\/uploads\/2023\/11\/24-06-JP-DESIGNS-WEB-CASA-04-13-900x604.jpg 900w, https:\/\/www.designmallorca.es\/wp-content\/uploads\/2023\/11\/24-06-JP-DESIGNS-WEB-CASA-04-13-600x403.jpg 600w, https:\/\/www.designmallorca.es\/wp-content\/uploads\/2023\/11\/24-06-JP-DESIGNS-WEB-CASA-04-13-400x269.jpg 400w\" sizes=\"auto, (min-width: 1000px) 33.3vw, (min-width: 690px) 50vw, 100vw\" \/>\t\t\t\t\t\t\t\t\t\t\n\t\t\t\t\t\t\t\t\t\t<div class=\"work-info-bg\"><\/div>\n\t\t\t\t\t\t\t\t\t\t<div class=\"work-info\">\n\t\t\t\t\t\t\t\t\t\t\t\n\t\t\t\t\t\t\t\t\t\t\t\t\t\t\t\t\t\t\t\t\t\t\t\n\t\t\t\t\t\t\t\t\t\t\t\t\n\t\t\t\t\t\t\t\t\t\t\t\t\t\t\t\t\t\t\t\t\t\t\t\t\t\n\t\t\t\t\t\t\t\t\t\t\t\t\t<a href=\"https:\/\/www.designmallorca.es\/es\/project\/finca-ses-salines\/\"><\/a>\n\t\t\t\t\t\t\t\t\t\t\t\t\t\n\t\t\t\t\t\t\t\t\t\t\t\t\t\t\t\t\t\t\t\t\t\t\t\n\t\t\t\t\t\t\t\t\t\t\t\n\t\t\t\t\t\t\t\t\t\t\t<div class=\"vert-center\">\n\t\t\t\t\t\t\t\t\t\t\t\t\t\n\t\t\t\t\t\t\t\t\t\t\t\t\t<h3>FINCA SES SALINES<\/h3> \n\t\t\t\t\t\t\t\t\t\t\t\t\t\t\t\t\t\t\t\t\t\t\t\t<\/div><!--\/vert-center-->\n\t\t\t\t\t\t\t\t\t\t\t\n\t\t\t\t\t\t\t\t\t\t<\/div>\n\t\t\t\t\t\t\t\t\t<\/div><!--work-item-->\n\t\t\t\t\t\t\t\t\t\n\t\t\t\t\t\t\t\t\t\t\t\t\t\t\t\t\n\t\t\t\t\t\t\t\t\n\t\t\t\t\t\t\t<\/div><!--\/inner-wrap-->\n\t\t\t\t\t\t<\/div><!--\/col-->\n\t\t\t\t\t\t\n\t\t\t\t\t\t\t\t\t\t\t\n\t\t\t\t\t\t\t\t\t\t\t\t\n\t\t\t\t\t\t<div class=\"col span_4  element \"  data-project-cat=\"\" data-default-color=\"true\" data-title-color=\"\" data-subtitle-color=\"\">\n\t\t\t\t\t\t\t\n\t\t\t\t\t\t\t<div class=\"inner-wrap animated\" data-animation=\"fade_in\">\n\t\t\t\t\t\t\t\t\n\t\t\t\t\t\t\t\t\t\t\t\t\t\t\t\t\t\n\t\t\t\t\t\t\t\t\t<div class=\"work-item style-2\" data-custom-content=\"off\">\n\t\t\t\t\t\t\t\t\t\t\n\t\t\t\t\t\t\t\t\t\t<img loading=\"lazy\" decoding=\"async\" class=\"size- skip-lazy\" src=\"https:\/\/www.designmallorca.es\/wp-content\/uploads\/2023\/11\/24-06-JP-DESIGNS-WEB-CASA-05-12-600x403.jpg\" alt=\"\" height=\"403\" width=\"600\" srcset=\"https:\/\/www.designmallorca.es\/wp-content\/uploads\/2023\/11\/24-06-JP-DESIGNS-WEB-CASA-05-12-900x604.jpg 900w, https:\/\/www.designmallorca.es\/wp-content\/uploads\/2023\/11\/24-06-JP-DESIGNS-WEB-CASA-05-12-600x403.jpg 600w, https:\/\/www.designmallorca.es\/wp-content\/uploads\/2023\/11\/24-06-JP-DESIGNS-WEB-CASA-05-12-400x269.jpg 400w\" sizes=\"auto, (min-width: 1000px) 33.3vw, (min-width: 690px) 50vw, 100vw\" \/>\t\t\t\t\t\t\t\t\t\t\n\t\t\t\t\t\t\t\t\t\t<div class=\"work-info-bg\"><\/div>\n\t\t\t\t\t\t\t\t\t\t<div class=\"work-info\">\n\t\t\t\t\t\t\t\t\t\t\t\n\t\t\t\t\t\t\t\t\t\t\t\t\t\t\t\t\t\t\t\t\t\t\t\n\t\t\t\t\t\t\t\t\t\t\t\t\n\t\t\t\t\t\t\t\t\t\t\t\t\t\t\t\t\t\t\t\t\t\t\t\t\t\n\t\t\t\t\t\t\t\t\t\t\t\t\t<a href=\"https:\/\/www.designmallorca.es\/es\/project\/finca-el-paraiso\/\"><\/a>\n\t\t\t\t\t\t\t\t\t\t\t\t\t\n\t\t\t\t\t\t\t\t\t\t\t\t\t\t\t\t\t\t\t\t\t\t\t\n\t\t\t\t\t\t\t\t\t\t\t\n\t\t\t\t\t\t\t\t\t\t\t<div class=\"vert-center\">\n\t\t\t\t\t\t\t\t\t\t\t\t\t\n\t\t\t\t\t\t\t\t\t\t\t\t\t<h3>FINCA EL PARAISO<\/h3> \n\t\t\t\t\t\t\t\t\t\t\t\t\t\t\t\t\t\t\t\t\t\t\t\t<\/div><!--\/vert-center-->\n\t\t\t\t\t\t\t\t\t\t\t\n\t\t\t\t\t\t\t\t\t\t<\/div>\n\t\t\t\t\t\t\t\t\t<\/div><!--work-item-->\n\t\t\t\t\t\t\t\t\t\n\t\t\t\t\t\t\t\t\t\t\t\t\t\t\t\t\n\t\t\t\t\t\t\t\t\n\t\t\t\t\t\t\t<\/div><!--\/inner-wrap-->\n\t\t\t\t\t\t<\/div><!--\/col-->\n\t\t\t\t\t\t\n\t\t\t\t\t\t\t\t\t\t\n\t\t\t\t<\/div><!--\/portfolio-->\n\t\t\t<\/div><!--\/portfolio wrap-->\n\t\t\t\n\t\t\t[nectar_btn size=\u00bbmedium\u00bb button_style=\u00bbsee-through-2&#8243; hover_text_color_override=\u00bb#ffffff\u00bb icon_family=\u00bbnone\u00bb text=\u00bbVER M\u00c1S PROYECTOS\u00bb url=\u00bbhttps:\/\/www.designmallorca.es\/projects\/\u00bb margin_top=\u00bb20&#8243;][\/vc_column][\/vc_row][vc_row type=\u00bbin_container\u00bb full_screen_row_position=\u00bbmiddle\u00bb column_margin=\u00bbdefault\u00bb column_direction=\u00bbdefault\u00bb column_direction_tablet=\u00bbdefault\u00bb column_direction_phone=\u00bbdefault\u00bb scene_position=\u00bbcenter\u00bb top_padding=\u00bb4%\u00bb bottom_padding=\u00bb3%\u00bb text_color=\u00bbdark\u00bb text_align=\u00bbcenter\u00bb row_border_radius=\u00bbnone\u00bb row_border_radius_applies=\u00bbbg\u00bb overflow=\u00bbvisible\u00bb overlay_strength=\u00bb0.3&#8243; gradient_direction=\u00bbleft_to_right\u00bb shape_divider_position=\u00bbbottom\u00bb bg_image_animation=\u00bbnone\u00bb shape_type=\u00bb\u00bb gradient_type=\u00bbdefault\u00bb][vc_column column_padding=\u00bbno-extra-padding\u00bb column_padding_tablet=\u00bbinherit\u00bb column_padding_phone=\u00bbinherit\u00bb column_padding_position=\u00bball\u00bb column_element_direction_desktop=\u00bbdefault\u00bb column_element_spacing=\u00bbdefault\u00bb desktop_text_alignment=\u00bbdefault\u00bb tablet_text_alignment=\u00bbdefault\u00bb phone_text_alignment=\u00bbdefault\u00bb background_color_opacity=\u00bb1&#8243; background_hover_color_opacity=\u00bb1&#8243; column_backdrop_filter=\u00bbnone\u00bb column_shadow=\u00bbnone\u00bb column_border_radius=\u00bbnone\u00bb column_link_target=\u00bb_self\u00bb column_position=\u00bbdefault\u00bb gradient_direction=\u00bbleft_to_right\u00bb overlay_strength=\u00bb0.3&#8243; width=\u00bb1\/1&#8243; tablet_width_inherit=\u00bbdefault\u00bb animation_type=\u00bbdefault\u00bb bg_image_animation=\u00bbnone\u00bb border_type=\u00bbsimple\u00bb column_border_width=\u00bbnone\u00bb column_border_style=\u00bbsolid\u00bb][nectar_highlighted_text color_type=\u00bbregular\u00bb highlight_color=\u00bb#00202b\u00bb text_color=\u00bb#000000&#8243; style=\u00bbfull_text\u00bb highlight_expansion=\u00bbdefault\u00bb custom_font_size=\u00bb2vw\u00bb font_size_phone=\u00bb35px\u00bb font_line_height=\u00bb1&#8243;]\n<h3>Mira lo que est\u00e1 pasando en @ rivabalear<\/h3>\n[\/nectar_highlighted_text][divider line_type=\u00bbSmall Line\u00bb line_alignment=\u00bbcenter\u00bb line_thickness=\u00bb1&#8243; divider_color=\u00bbextra-color-1&#8243;][vc_column_text][instagram-feed feed=1][\/vc_column_text][vc_column_text]\n<p style=\"text-align: center;\"><strong>S\u00cdGUENOS<\/strong><\/p>\n[\/vc_column_text][nectar_icon icon_family=\u00bbfontawesome\u00bb icon_style=\u00bbdefault\u00bb icon_color_type=\u00bbcolor_scheme\u00bb icon_color=\u00bbAccent-Color\u00bb open_new_tab=\u00bbtrue\u00bb icon_padding=\u00bb20px\u00bb pointer_events=\u00bball\u00bb icon_fontawesome=\u00bbfa fa-instagram\u00bb url=\u00bbhttps:\/\/www.instagram.com\/rivabalear\/\u00bb icon_size=\u00bb25&#8243;][nectar_icon icon_family=\u00bbfontawesome\u00bb icon_style=\u00bbdefault\u00bb icon_color_type=\u00bbcolor_scheme\u00bb icon_color=\u00bbAccent-Color\u00bb open_new_tab=\u00bbtrue\u00bb icon_padding=\u00bb20px\u00bb pointer_events=\u00bball\u00bb icon_fontawesome=\u00bbfa fa-facebook-square\u00bb url=\u00bbhttps:\/\/www.facebook.com\/RIVABALEAR\u00bb icon_size=\u00bb25&#8243;][\/vc_column][\/vc_row]\n","protected":false},"excerpt":{"rendered":"<p>[vc_row type=\u00bbin_container\u00bb full_screen_row_position=\u00bbmiddle\u00bb column_margin=\u00bbdefault\u00bb column_direction=\u00bbdefault\u00bb column_direction_tablet=\u00bbdefault\u00bb column_direction_phone=\u00bbdefault\u00bb scene_position=\u00bbcenter\u00bb text_color=\u00bbdark\u00bb text_align=\u00bbleft\u00bb row_border_radius=\u00bbnone\u00bb row_border_radius_applies=\u00bbbg\u00bb overflow=\u00bbvisible\u00bb overlay_strength=\u00bb0.3&#8243; gradient_direction=\u00bbleft_to_right\u00bb shape_divider_position=\u00bbbottom\u00bb bg_image_animation=\u00bbnone\u00bb][vc_column column_padding=\u00bbno-extra-padding\u00bb column_padding_tablet=\u00bbinherit\u00bb column_padding_phone=\u00bbinherit\u00bb column_padding_position=\u00bball\u00bb column_element_direction_desktop=\u00bbdefault\u00bb column_element_spacing=\u00bbdefault\u00bb desktop_text_alignment=\u00bbdefault\u00bb tablet_text_alignment=\u00bbdefault\u00bb phone_text_alignment=\u00bbdefault\u00bb background_color_opacity=\u00bb1&#8243; background_hover_color_opacity=\u00bb1&#8243; column_backdrop_filter=\u00bbnone\u00bb column_shadow=\u00bbnone\u00bb&#8230;<\/p>\n","protected":false},"author":1,"featured_media":0,"parent":0,"menu_order":0,"comment_status":"closed","ping_status":"closed","template":"","meta":{"footnotes":""},"class_list":["post-1433","page","type-page","status-publish"],"aioseo_notices":[],"_links":{"self":[{"href":"https:\/\/www.designmallorca.es\/es\/wp-json\/wp\/v2\/pages\/1433","targetHints":{"allow":["GET"]}}],"collection":[{"href":"https:\/\/www.designmallorca.es\/es\/wp-json\/wp\/v2\/pages"}],"about":[{"href":"https:\/\/www.designmallorca.es\/es\/wp-json\/wp\/v2\/types\/page"}],"author":[{"embeddable":true,"href":"https:\/\/www.designmallorca.es\/es\/wp-json\/wp\/v2\/users\/1"}],"replies":[{"embeddable":true,"href":"https:\/\/www.designmallorca.es\/es\/wp-json\/wp\/v2\/comments?post=1433"}],"version-history":[{"count":2,"href":"https:\/\/www.designmallorca.es\/es\/wp-json\/wp\/v2\/pages\/1433\/revisions"}],"predecessor-version":[{"id":1436,"href":"https:\/\/www.designmallorca.es\/es\/wp-json\/wp\/v2\/pages\/1433\/revisions\/1436"}],"wp:attachment":[{"href":"https:\/\/www.designmallorca.es\/es\/wp-json\/wp\/v2\/media?parent=1433"}],"curies":[{"name":"wp","href":"https:\/\/api.w.org\/{rel}","templated":true}]}}